{"id":168,"date":"2012-02-15T15:18:13","date_gmt":"2012-02-15T14:18:13","guid":{"rendered":"http:\/\/blog.proteck.ch\/?page_id=168"},"modified":"2025-08-06T10:02:14","modified_gmt":"2025-08-06T09:02:14","slug":"president","status":"publish","type":"page","link":"https:\/\/chorege.ch\/?page_id=168","title":{"rendered":"Directeur"},"content":{"rendered":"<div class=\"wp-block-image\">\n<figure class=\"alignright size-full is-resized\"><img loading=\"lazy\" decoding=\"async\" width=\"573\" height=\"729\" src=\"http:\/\/chorege.ch\/wp-content\/uploads\/2025\/08\/Fabien.jpg\" alt=\"\" class=\"wp-image-5935\" style=\"width:160px;height:auto\" title=\"directeur\" srcset=\"https:\/\/chorege.ch\/wp-content\/uploads\/2025\/08\/Fabien.jpg 573w, https:\/\/chorege.ch\/wp-content\/uploads\/2025\/08\/Fabien-236x300.jpg 236w\" sizes=\"auto, (max-width: 573px) 100vw, 573px\" \/><\/figure>\n<\/div>\n\n\n<p class=\"wp-block-paragraph\">Fabien Volery a d\u00e9couvert la musique avec son p\u00e8re, Francis Volery (musicien et compositeur). Il poursuit ses \u00e9tudes de piano au Conservatoire de Fribourg o\u00f9 il obtient son certificat d&rsquo;\u00e9tude.<\/p>\n\n\n\n<p class=\"wp-block-paragraph\">Il obtient son dipl\u00f4me de direction chorale professionnelle en juin 2006 (cours donn\u00e9s par Laurent Gendre) et termine sa formation d&rsquo;enseignant de la musique au niveau secondaire dans le courant de l&rsquo;ann\u00e9e 2007.<\/p>\n\n\n\n<p class=\"wp-block-paragraph\">Il poursuit sa formation en prenant des cours de direction d&rsquo;orchestre donn\u00e9s par M. Herv\u00e9 Klopfenstein puis Aur\u00e9lien Azan Zielinski et Philippe B\u00e9ran \u00e0 l&rsquo;HEMU de Lausanne et obtient un master en juin 2011. Il termine \u00e9galement, la m\u00eame ann\u00e9e, sa formation pr\u00e9professionnelle en chant chez Monique Deschenaux-Volery et Marie-Fran\u00e7oise Schuwey au Conservatoire de Fribourg.<\/p>\n\n\n\n<p class=\"wp-block-paragraph\">Actuellement, apr\u00e8s neuf ans d\u2019enseignement de la musique au niveau secondaire, Fabien Volery vit de la direction chorale, de la composition et du chant. Il dirige le ch\u0153ur mixte paroissial de Nuvilly &#8211; Aumont &#8211; Granges-de-Vesin depuis 2001. En octobre 2006, il devient co-directeur de l\u2019Ensemble Vocal Utopie et reprend sa direction <em>ad int\u00e9rim<\/em> de septembre 2007&nbsp; \u00e0 juin 2009. Ce remplacement sera couronn\u00e9 de 2 prix au concours choral 2009 de Fribourg (prix du public et prix de l\u2019ACO). En 2010, il a la chance de pouvoir diriger le \u00ab\u00a0ch\u0153ur suisse des jeunes\u00a0\u00bb au c\u00f4t\u00e9 de Claude Scherer apr\u00e8s y avoir \u00e9t\u00e9 assistant pendant deux ans. En 2010, il fonde le ch\u0153ur &nbsp;\u2033Lador\u00e9\u2033 \u00e0 Romont. Il reprendra \u00e9galement la direction du ch\u0153ur \u2033Chor\u00e8ge\u2033 de Payerne et du ch\u0153ur mixte paroissial de Treyvaux \u00e0 partir de septembre 2011. Depuis l\u2019automne 2012, il reprend la direction de l\u2019Annonciade, ma\u00eetrise de Romont fond\u00e9e et dirig\u00e9e pendant dix ans par Yves Piller.<\/p>\n\n\n\n<p class=\"wp-block-paragraph\">Fabien Volery a \u00e9t\u00e9 nomm\u00e9 co-pr\u00e9sident du mouvement&nbsp; A C\u0153ur Joie Suisse (avec Pierre Jaccard) et dirige un grand atelier appel\u00e9 \u00ab&nbsp;Choralieder&nbsp;\u00bb qui regroupe 130 chanteurs et des musiciens professionnels autours du compositeur Franz Schubert.<\/p>\n\n\n\n<p class=\"wp-block-paragraph\">Quelques pi\u00e8ces pour ch\u0153ur sont issues de sa plume dont une messe (St Jean Baptiste) pour ch\u0153ur et orgue, 2 suites chorales \u00e0 caract\u00e8re populaire pour choeur mixte, plusieurs chants \u00e0 caract\u00e8re religieux ou profane et quelques arrangements pour voix \u00e9gales et mixtes de chansons fran\u00e7aises.<\/p>\n\n\n\n<p class=\"wp-block-paragraph\">Il a particip\u00e9 en tant que compositeur et directeur aux rencontres chorales de la Broye en mars 2010 \u00e0 Payerne (Spectacle regroupant 1000 chanteurs et un orchestre symphonique) en collaboration avec 4 autres compositeurs broyards.<\/p>\n\n\n\n<p class=\"wp-block-paragraph\"><a href=\"https:\/\/fabienvolery.ch\/\">En savoir plus <\/a><\/p>\n","protected":false},"excerpt":{"rendered":"<p>Fabien Volery a d\u00e9couvert la musique avec son p\u00e8re, Francis Volery (musicien et compositeur). Il poursuit ses \u00e9tudes de piano au Conservatoire de Fribourg o\u00f9 il obtient son certificat d&rsquo;\u00e9tude. Il obtient son dipl\u00f4me de direction chorale professionnelle en juin 2006 (cours donn\u00e9s par Laurent Gendre) et termine sa formation d&rsquo;enseignant de la musique au niveau secondaire dans le courant de l&rsquo;ann\u00e9e 2007. Il poursuit sa formation en prenant des cours de direction d&rsquo;orchestre donn\u00e9s par M. Herv\u00e9 Klopfenstein puis Aur\u00e9lien Azan Zielinski et Philippe B\u00e9ran \u00e0 l&rsquo;HEMU de Lausanne et obtient un master en juin 2011. Il termine \u00e9galement, la m\u00eame ann\u00e9e, sa formation pr\u00e9professionnelle en chant chez Monique Deschenaux-Volery et Marie-Fran\u00e7oise Schuwey au Conservatoire de Fribourg. Actuellement, apr\u00e8s neuf ans d\u2019enseignement de la musique au niveau secondaire, Fabien Volery vit de la direction chorale, de la composition et du chant. Il dirige le ch\u0153ur mixte paroissial de Nuvilly &#8211; Aumont &#8211; Granges-de-Vesin depuis 2001. En octobre 2006, il devient co-directeur de l\u2019Ensemble Vocal Utopie et reprend sa direction ad int\u00e9rim de septembre 2007&nbsp; \u00e0 juin 2009. Ce remplacement sera couronn\u00e9 de 2 prix au concours choral 2009 de Fribourg (prix du public et prix de l\u2019ACO). En 2010, il a la chance de pouvoir diriger le \u00ab\u00a0ch\u0153ur suisse des jeunes\u00a0\u00bb au c\u00f4t\u00e9 de Claude Scherer apr\u00e8s y avoir \u00e9t\u00e9 assistant pendant deux ans. En 2010, il fonde le ch\u0153ur &nbsp;\u2033Lador\u00e9\u2033 \u00e0 Romont. Il reprendra \u00e9galement la direction du ch\u0153ur \u2033Chor\u00e8ge\u2033 de Payerne et du ch\u0153ur mixte paroissial de Treyvaux \u00e0 partir de septembre 2011. Depuis l\u2019automne 2012, il reprend la direction de l\u2019Annonciade, ma\u00eetrise de Romont fond\u00e9e et dirig\u00e9e pendant dix ans par Yves Piller. Fabien Volery a \u00e9t\u00e9 nomm\u00e9 co-pr\u00e9sident du mouvement&nbsp; A C\u0153ur Joie Suisse (avec Pierre Jaccard) et dirige un grand atelier appel\u00e9 \u00ab&nbsp;Choralieder&nbsp;\u00bb qui regroupe 130 chanteurs et des musiciens professionnels autours du compositeur Franz Schubert. Quelques pi\u00e8ces pour ch\u0153ur sont issues de sa plume dont une messe (St Jean Baptiste) pour ch\u0153ur et orgue, 2 suites chorales \u00e0 caract\u00e8re populaire pour choeur mixte, plusieurs chants \u00e0 caract\u00e8re religieux ou profane et quelques arrangements pour voix \u00e9gales et mixtes de chansons fran\u00e7aises. Il a particip\u00e9 en tant que compositeur et directeur aux rencontres chorales de la Broye en mars 2010 \u00e0 Payerne (Spectacle regroupant 1000 chanteurs et un orchestre symphonique) en collaboration avec 4 autres compositeurs broyards. En savoir plus<\/p>\n","protected":false},"author":123457,"featured_media":0,"parent":160,"menu_order":2,"comment_status":"closed","ping_status":"closed","template":"","meta":{"ngg_post_thumbnail":0,"footnotes":""},"class_list":["post-168","page","type-page","status-publish","hentry"],"_links":{"self":[{"href":"https:\/\/chorege.ch\/index.php?rest_route=\/wp\/v2\/pages\/168","targetHints":{"allow":["GET"]}}],"collection":[{"href":"https:\/\/chorege.ch\/index.php?rest_route=\/wp\/v2\/pages"}],"about":[{"href":"https:\/\/chorege.ch\/index.php?rest_route=\/wp\/v2\/types\/page"}],"author":[{"embeddable":true,"href":"https:\/\/chorege.ch\/index.php?rest_route=\/wp\/v2\/users\/123457"}],"replies":[{"embeddable":true,"href":"https:\/\/chorege.ch\/index.php?rest_route=%2Fwp%2Fv2%2Fcomments&post=168"}],"version-history":[{"count":21,"href":"https:\/\/chorege.ch\/index.php?rest_route=\/wp\/v2\/pages\/168\/revisions"}],"predecessor-version":[{"id":5943,"href":"https:\/\/chorege.ch\/index.php?rest_route=\/wp\/v2\/pages\/168\/revisions\/5943"}],"up":[{"embeddable":true,"href":"https:\/\/chorege.ch\/index.php?rest_route=\/wp\/v2\/pages\/160"}],"wp:attachment":[{"href":"https:\/\/chorege.ch\/index.php?rest_route=%2Fwp%2Fv2%2Fmedia&parent=168"}],"curies":[{"name":"wp","href":"https:\/\/api.w.org\/{rel}","templated":true}]}}