{"id":172,"date":"2012-02-15T15:18:40","date_gmt":"2012-02-15T14:18:40","guid":{"rendered":"http:\/\/blog.proteck.ch\/?page_id=172"},"modified":"2026-08-24T13:39:11","modified_gmt":"2026-08-24T12:39:11","slug":"historique","status":"publish","type":"page","link":"https:\/\/chorege.ch\/?page_id=172","title":{"rendered":"Historique"},"content":{"rendered":"\n<p class=\"wp-block-paragraph\"><strong>2026<\/strong> <strong>:<\/strong> Apr\u00e8s une ann\u00e9e 2025 riche en collaborations, nous avons organis\u00e9 un concert au mois d&rsquo;avril au Temple de Payerne. Une soir\u00e9e riche en surprises, m\u00e9langeant le populaire et le classique pour annoncer la venue du Printemps !<br><br>En juin, nous avons particip\u00e9 aux f\u00eates de la musique dans un projet \u00e0 Coeur Joie. Un \u00ab\u00a0Blindate\u00a0\u00bb qui nous a permis de chanter avec nos amis de la Pastourelle et de mon Pays, ainsi qu&rsquo;en chant d&rsquo;ensemble, \u00ab\u00a0Colin et Mariette\u00a0\u00bb avec tous les choeurs participants. Chor\u00e8ge a \u00e9galement relev\u00e9 le d\u00e9fi de chanter deux pi\u00e8ces en tout petit comit\u00e9 ! Chouette exp\u00e9rience caniculaire dans la magnifique ville de Neuch\u00e2tel.<br><\/p>\n\n\n\n<p class=\"wp-block-paragraph\"><\/p>\n\n\n\n<p class=\"wp-block-paragraph\"><strong>2025<\/strong> <strong>:<\/strong> En mai, concert \u00e0 l&rsquo;\u00e9glise St-Laurent de Lausanne, cantate \u00ab\u00a0Wir m\u00fcssen durch viel Tr\u00fcbsal\u00a0\u00bb BWW 146 de J. S. Bach. Une organiste, quelques musiciens, des solistes et Chor\u00e8ge renforc\u00e9 par quelques chanteurs Broyards, magnifique exp\u00e9rience vocale.<\/p>\n\n\n\n<p class=\"wp-block-paragraph\">En septembre, nous avons eu la chance d&rsquo;\u00eatre choeur Pilote pour un atelier classique \u00e0 coeur Joie \u00e0 Echallens. Nous avons eu le plaisir de chanter \u00e0 nouveau la cantate de J-S Bach ainsi que quelques autres pi\u00e8ces de notre r\u00e9pertoire. <\/p>\n\n\n\n<p class=\"wp-block-paragraph\">En automne, LE CONCERT DU SIECLE&nbsp;! Il y a 100 ans, le compositeur staviacois Jules Marmier&nbsp;cr\u00e9ait \u00abJ\u00e9sus et le Centenier\u00bb, une magnifique Passion en six tableaux.<br>Pour marquer le centenaire de cette \u0153uvre,&nbsp;Pierre-Do Bourgknecht, arri\u00e8re-petit-fils du compositeur, a r\u00e9uni 4 ch\u0153urs&nbsp;: Chorege, La Pastourelle de Cheyres, le ch\u0153ur mixte St-Laurent et le Chant de Ville d\u2019Estavayer &nbsp;!<br>Aventure fantastique&nbsp;! 140 choristes, un soliste (Jean-Luc Waeber), l\u2019Orchestre de Chambre Fribourgeois et Fabien Volery \u00e0 la direction.<br>En ouverture de concert, Pierre-Do Bourgknecht a pr\u00e9sent\u00e9 une mini-conf\u00e9rence ludique et musicale sur Jules Marmier et Estavayer vers 1920, suivie de&nbsp;L\u2019H\u00e9ritage, une suite pour ch\u0153ur et orchestre en trois mouvements qu\u2019il a sp\u00e9cialement compos\u00e9e pour l\u2019occasion.<br><br>Concerts de No\u00ebl \u00e0 Ressudens avec interm\u00e8des musicaux par Lucas et Dominique puis \u00e0 Villaz-St.Pierre en collaboration avec Lador\u00e9.<\/p>\n\n\n\n<p class=\"wp-block-paragraph\"><strong>2024 : <\/strong>Jubilate Deo, projet commun avec tous les ch\u0153urs de Fabien, rejoints par quelques chanteurs int\u00e9ress\u00e9s par cette magnifique \u0153uvre. Des chants en mandarin, en zoulou, en espagnol, en latin&#8230; 150 chanteurs, des solistes, l&rsquo;orchestre de chambre de Fribourg r\u00e9unis sous la baguette de notre chef. Projet mis sur pied pour la f\u00eate fribourgeoise de chant de W\u00fcnnewil Flamatt .<br>En automne, participation en chanson au souper de soutien pour la sauvegarde du patrimoine musical de Francis Volery. <br>Weekend de partage avec nos amis du ch\u0153ur Alter Echo de Lyon, visite de l&rsquo;Abbatiale, concert samedi soir au temple de Payerne puis dimanche rallye \u00e0 pied dans la ville d&rsquo;Estavayer-le-Lac suivi d&rsquo;une fondue tous ensemble !<br>Concerts de No\u00ebl \u00e0 Ressudens accompagn\u00e9 par une conteuse, \u00e0 Estavayer-le-lac en collaboration avec l&rsquo;Ensemble vocal Utopie de Fribourg et finalement \u00e0 Mannens en collaboration avec la Villanelle.<\/p>\n\n\n\n<p class=\"wp-block-paragraph\"><strong>2023 : <\/strong>Ann\u00e9e classique avec les concerts \u00ab\u00a0la Nuit Romantique\u00a0\u00bb en septembre \u00e0 Estavayer-le-lac et Corpataux. Au printemps, participation \u00e0 un concert \u00e0 4 choeurs \u00e0 Coeur Joie \u00e0 Cheyres et participation \u00e0 la f\u00eate Cantonale des chanteurs Vaudois \u00e0 Nyon.<br>Concert de l&rsquo;avent (accompagn\u00e9s par Herv\u00e9 \u00e0 la clarinette et Lucas au trombone) \u00e0 Ressudens ainsi qu&rsquo;une participation \u00e0 la St-Nicolas de Fribourg \u00e0 l&rsquo;\u00e9glise des Cordeliers. Fin d&rsquo;ann\u00e9e en beaut\u00e9, sortie en suisse centrale, samedi soir concert de l&rsquo;avent \u00e0 Hildisrieden et dimanche participation \u00e0 la messe avec le choeur de la paroisse.<\/p>\n\n\n\n<p class=\"wp-block-paragraph\"><strong>2022 : <\/strong>Concert \u00e0 l&rsquo;abbatiale de Payerne pour les 40 ans du ch\u0153ur (42 en r\u00e9alit\u00e9) inauguration de nouveaux costumes. Reprise du r\u00e9pertoire sur les derni\u00e8res 40 ann\u00e9es avec notre directeur Fabien Volery et nos chefs pr\u00e9c\u00e9dents, Hugo Stern et Jean-Marie Hirt, rejoints par d\u2019anciens Chor\u00e9giens pour quelques chants. <br>Concert en collaboration avec l\u2019Ensemble vocal Utopie \u00e0 Fribourg. <br>En septembre, reprise de notre collaboration avec l&rsquo;Ensemble vocal Mon Pays, au programme \u00ab\u00a0Little jazz mass\u00a0\u00bb de Bob Chilcott et \u00ab\u00a0La geste des saisons\u00a0\u00bb de Fabien Volery. Participation au kiosque \u00e0 musique, organisation d&rsquo;un concert \u00e0 Bluefactory \u00e0 Fribourg puis participation aux \u00ab\u00a020 Heures de Musiques de Romont\u00a0\u00bb<br>Traditionnels concerts de l&rsquo;avent \u00e0 Ressudens et St-Cierges (fief de notre chanteur Roland), enrichis par des interm\u00e8des de fl\u00fbte \u00e0 bec et trombone \u00e0 coulisse par Dominique, Marianne et Lucas. Participation au concert des Kiwanis \u00e0 Payerne sous la direction de Lucas Francey, fin de concert avec Minuit Chr\u00e9tien accompagn\u00e9 par l&rsquo;ensemble d&rsquo;Harmonie de la Broye sous la direction d&rsquo;Eloi Fellay.<\/p>\n\n\n\n<p class=\"wp-block-paragraph\"><strong>2021 : <\/strong>Covid suite&#8230; planification, r\u00e9servation, organisation, annulation, communications&#8230;.! <br>Enregistrement d&rsquo;un CD hommage avec des chants de No\u00ebl de Francis Volery. En novembre participation au kiosque \u00e0 musique pour la promotion du CD, puis trois concerts de l&rsquo;Avent \u00ab\u00a0Fen\u00eatre sur Francis Volery\u00a0\u00bb. Concert du 28 novembre \u00e0 Estavayer-le-Lac particuli\u00e8rement \u00e9mouvant, nous avons \u00e9t\u00e9 rejoint par de nombreux chanteurs venus parfois de loin pour interpr\u00e9ter \u00ab\u00a0No\u00ebl Tzigane\u00a0\u00bb sous la baguette du compositeur.<\/p>\n\n\n\n<p class=\"wp-block-paragraph\"><strong>2020 : <\/strong>Ann\u00e9e Covid ! Concert du 40\u00e8me anniversaire de Chor\u00e8ge repouss\u00e9. Concerts de l&rsquo;Avent en hommage \u00e0 Francis Volery repouss\u00e9s. Petite parenth\u00e8se avec la participation au FEELGOOD Festival, le 16 ao\u00fbt 2020.<\/p>\n\n\n\n<p class=\"wp-block-paragraph\"><strong>2019 : <\/strong>2 concerts inoubliables en mars puis en avril, en collaboration avec le choeur Mon Pays de Fribourg. Au programme : \u00ab\u00a0Little jazz mass\u00a0\u00bb de Bob Chilcott et cr\u00e9ation musicale de Fabien Volery \u00ab\u00a0La geste des saisons\u00a0\u00bb sur les textes du \u00ab\u00a0Balayeur \u00e0 la rose\u00a0\u00bb de Michel Simonet.<\/p>\n\n\n\n<p class=\"wp-block-paragraph\"><a href=\"http:\/\/chorege.ch\/wp-content\/uploads\/2021\/02\/FB_IMG_1554031429115.jpg\">Retour dans la presse&nbsp;<\/a><\/p>\n\n\n\n<p class=\"wp-block-paragraph\"><strong>2018 : <\/strong>14 avril, concert au Temple d\u2019Avenches avec Le Madrigal. 26 mai, concert des membres amis au Temple d\u2019Estavayer-Le-Lac. 23 juin, Concert Peer Gynt avec Madrigal \u00e0 M\u00e9zi\u00e8res Jorat.<\/p>\n\n\n\n<p class=\"wp-block-paragraph\"><strong>2017<\/strong> : Concerts membres-amis sur le th\u00e8me \u00ab\u00a0ombres et lumi\u00e8res\u00a0\u00bb. Participation au concours des ensembles vocaux lors de la 49\u00e8me F\u00eate Cantonale des Chanteurs Vaudois \u00e0 Echallens. Inoubliable voyage \u00e0 Prague !<\/p>\n\n\n\n<p class=\"wp-block-paragraph\"><strong>2016<\/strong> : Concert de l&rsquo;Avent dans le cadre de la St-Nicolas \u00e0 Fribourg et \u00e0 l\u2019\u00e9glise de Ressudens avec la participation de l&rsquo;ensemble vocal f\u00e9minin Callirho\u00e9, dirig\u00e9 ad int\u00e9rim par Fabien Volery. Dans le cadre des Rencontres Nicolas &amp; Doroth\u00e9e de Fl\u00fce \u00e0 la Basilique de St-Maurice et \u00e0 l&rsquo;\u00e9glise paroissiale r\u00e9form\u00e9e de Payerne, sous la direction de Pascal Crittin, avec<a href=\"http:\/\/www.evsm.ch\/\"> l&rsquo;Ensemble Vocal de St-Maurice<\/a>, la <a href=\"http:\/\/schola-sion.ch\/\">Schola des Petits Chanteurs de Sion<\/a>, accompagn\u00e9s par l&rsquo;<a href=\"https:\/\/www.harmonie-ehb.ch\/\">ensemble d&rsquo;Harmonie de la Broye<\/a> et du com\u00e9dien Cyril Kaiser : <strong>Oratorio \u00ab\u00a0Nicolas de Fl\u00fce\u00a0\u00bb d&rsquo;Arthur Honegger,<\/strong> pi\u00e8ce dramatique en trois actes de Denis de Rougemont. Aubade \u00e0 l&rsquo;EMS des Fauvettes \u00e0 Montagny pour c\u00e9l\u00e9brer la F\u00eate de la Musique avec nos a\u00een\u00e9s. Kiosque \u00e0 Musiques lors du giron de chant de Combremont-le-Petit. Soir\u00e9es membres-amis sur le th\u00e8me des \u00ab\u00a0ch\u00e2teaux\u00a0\u00bb avec cracheur de feu, conteuse et fl\u00fbtiste dans les magnifiques cadres des ch\u00e2teaux de Lucens et de Salavaux avec la participation du ch\u0153ur d&rsquo;enfants <a href=\"http:\/\/www.annonciade.ch\/\">l&rsquo;Annonciade de Romont<\/a>.<\/p>\n\n\n\n<p class=\"wp-block-paragraph\"><strong>2015<\/strong> : Soir\u00e9e membres-amis sur le th\u00e8me \u00ab\u00a0la clef des chants\u00a0\u00bb et la \u00ab\u00a0balade romontoise\u00a0\u00bb avec M. Pascal Corminboeuf comme r\u00e9citant, <a href=\"http:\/\/chorege.ch\/?page_id=1155\">voyage-concert \u00e0 Lyon<\/a>, Concerts de l&rsquo;Avent \u00e0 Ressudens et \u00e0 Estavayer-le-Lac avec <a href=\"http:\/\/www.accroche-choeur.ch\/\">L&rsquo;Accroche-Choeur<\/a>, concert du R\u00e9veillon pour f\u00eater nos 35 ans. Au programme :<\/p>\n\n\n\n<ul class=\"wp-block-list\">\n<li>Te Deum de Marc-Antoine Charpentier, H146, Te Deum en Do de Wolfgang Amadeus Mozart, KV 141, Sonate d&rsquo;\u00e9glise en Do Majeur de Wolfgang Amadeus Mozart, KV 278, Verleih uns frieden gn\u00e4diglich de Felix Mendelssohn Bartholdy, H\u00f6r mein Bitten de Felix Mendelssohn Bartholdy<\/li>\n<\/ul>\n\n\n\n<p class=\"has-text-align-center wp-block-paragraph\">avec l&rsquo;<strong><a href=\"https:\/\/ebjoux.wordpress.com\/\">Ensemble Baroque de Joux<\/a><br><\/strong>et les solistes :<br><strong>Monique Volery<\/strong>, soprano<br><strong>Saskia Salembier<\/strong>, soprano<br><strong>Simon Savoy<\/strong>, alto<br><strong>Xavier Mauconduit<\/strong>, t\u00e9nor<br><strong>Stephan Imboden<\/strong>, basse<\/p>\n\n\n\n<p class=\"wp-block-paragraph\"><strong>2014 :<\/strong> soir\u00e9e color\u00e9e pour nos membres-amis avec la participation d&rsquo;une d\u00e9l\u00e9gation des \u00ab\u00a0Gigolettes\u00a0\u00bb et d&rsquo;Oskar, jeune et talentueux accord\u00e9oniste. Participation au concert anniversaire (60+1) de <a href=\"http:\/\/www.gesseney-rappo.ch\/\">Dominique Gesseney-Rappo<\/a>. Prestation au Festival Moulin-Mouline \u00e0 Orbe, concert cr\u00e9ation \u00ab\u00a0balade romontoise\u00a0\u00bb (compos\u00e9e par notre directeur Fabien Volery sur un texte de Josiane Haas), 20heures de Romont, concerts de l&rsquo;Avent \u00e0 Ressudens et M\u00f4tier<\/p>\n\n\n\n<p class=\"wp-block-paragraph\"><strong>2013&nbsp;:<\/strong> Organisation, avec la collaboration de la Chanson des Hameaux, de l&rsquo;Harmonie de Payerne et de la Chanson Villageoise de Corcelles-Payerne de la 48\u00e8me F\u00eate Cantonale des Chanteurs Vaudois. Lors de cette f\u00eate, nous nous pr\u00e9sentons au concours des ensembles vocaux et remportons le 2\u00e8me prix du Jury ex-aequo avec le Choeur Solstice d&rsquo;Echallens. 1er prix du Jury + prix du public d\u00e9cern\u00e9 au choeur \u00ab\u00a0Voix de Lausanne\u00a0\u00bb. Participation au Kiosque \u00e0 Musique. Concerts de l\u2019Avent<\/p>\n\n\n\n<p class=\"wp-block-paragraph\"><strong>2012&nbsp;: <\/strong>Concert de la f\u00eate des M\u00e8res sous le th\u00e8me \u00ab\u00a0des arbres et des fleurs\u00a0\u00bb et \u00ab\u00a0des 5 sens\u00a0\u00bb (go\u00fbt, ou\u00efe&#8230;). Traditionnels concerts de l\u2019Avent<\/p>\n\n\n\n<p class=\"wp-block-paragraph\"><strong>2011&nbsp;:&nbsp;<\/strong>Concert d\u2019adieux de notre chef&nbsp;: Interpr\u00e9tation de la \u00ab&nbsp;cantate n\u00b0214&nbsp;\u00bb de Jean-S\u00e9bastien Bach, \u00ab&nbsp;Ode \u00e0 la musique&nbsp;\u00bb de &nbsp;Frank Martin ainsi que la cr\u00e9ation \u00ab&nbsp;L\u2019air de ton nom&nbsp;\u00bb cantate d\u2019Henri Baeriswyl, accompagn\u00e9 par quatres solistes et l\u2019Orchestre de Chambre de Lausanne sous la direction d\u2019Hugo Stern.<\/p>\n\n\n\n<p class=\"wp-block-paragraph\">A l\u2019automne, d\u00e9but d\u2019une nouvelle &nbsp;\u00e8re avec un nouveau directeur Fabien Volery<\/p>\n\n\n\n<p class=\"wp-block-paragraph\"><strong>2010:<\/strong> Service minimal apr\u00e8s l\u2019exub\u00e9rance de l\u2019ann\u00e9e pr\u00e9c\u00e9dente.<\/p>\n\n\n\n<p class=\"wp-block-paragraph\"><strong>2009:<\/strong> Ann\u00e9e tr\u00e8s prolifique: participation au concours cantonal de la SCCV \u00e0 Aigle dans la cat\u00e9gorie \u00ab Ensembles vocaux \u00bb, participation \u00e0 la Schubertiade \u00e0 Payerne, concert de l\u00b4avent avec une conteuse, voyage \u00e0 Vienne et prestations dans le cadre de son festival de l\u2019Avent. Tout cela en sus de divers concerts et prestations lors de mariages. Publication du troisi\u00e8me bulletin d\u00b4information.<\/p>\n\n\n\n<p class=\"wp-block-paragraph\"><strong>2008:<\/strong> 2\u00e8me bulletin d\u2019information.<\/p>\n\n\n\n<p class=\"wp-block-paragraph\"><strong>2007:<\/strong> \u2018Sacr\u00e9 Mozart!\u2019 Une prestation avec l\u2019OCL dans le cadre des concerts de l\u2019Abbatiale de Payerne, pr\u00e9sentant des pi\u00e8ces peu connues du c\u00e9l\u00e8bre compositeur : La Messe Solennelle en DO, K 337, et Les Litanies du St-Sacrement, K 125. Publication du 1er bulletin d\u2019information.<\/p>\n\n\n\n<p class=\"wp-block-paragraph\"><strong>2006:<\/strong> Tourn\u00e9e de concerts en France, sortie du premier CD sur la Broye, \u2018La Broye cool en chantant\u2019<\/p>\n\n\n\n<p class=\"wp-block-paragraph\"><strong>2005 :&nbsp;<\/strong>25 ans d\u2019activit\u00e9 c\u00e9l\u00e9br\u00e9s par une retrospective<\/p>\n\n\n\n<p class=\"wp-block-paragraph\"><strong>2004 :&nbsp;<\/strong>3 Concerts miroir entre pr\u00e9sent et pass\u00e9 \u00e0 Romainm\u00f4tier, Payerne et St-Maurice, avec la Cantate BVW 140 \u2018Wachet auf ruft uns die Stimme \u2018de J.-S. Bach, et une cr\u00e9ation de commande aupr\u00e8s de Dominique Gesseney-Rappo, \u2018Lumen Vitae\u2019. D\u00e9tails \/ Photos \/ Critiques du journal du Nord Vaudois, La Libert\u00e9 et la Presse<\/p>\n\n\n\n<p class=\"wp-block-paragraph\"><strong>2002 :&nbsp;<\/strong>Concert \u00ab a capella \u00bb avec solistes \u00e0 l\u2019Abbatiale de Payerne. \u00ab Miserere \u00bb d\u2019Allegri, \u00ab missa Brevis \u00bb de Palestrina, \u00ab Jauchtzet dem Herren \u00bb de Sch\u00fctz, et \u00ab Cantate Domino \u00bb de Monteverdi.<\/p>\n\n\n\n<p class=\"wp-block-paragraph\"><strong>2001 :&nbsp;<\/strong>F\u00eate cantonale des chanteurs vaudois \u00e0 Villeneuve. Meilleur r\u00e9sultat de la cat\u00e9gorie sup\u00e9rieure, avec mention \u2018excellent\u2019 tant pour la lecture que pour l\u2019interpr\u00e9tation<\/p>\n\n\n\n<p class=\"wp-block-paragraph\"><strong>1999 :<\/strong>&nbsp;\u00ab Messe St-Jean de Dieu \u00bb de Haydn et \u00ab Oratorio de No\u00ebl \u00bb de St-Sa\u00ebns avec orchestre et solistes<\/p>\n\n\n\n<p class=\"wp-block-paragraph\"><strong>1997 :<\/strong>&nbsp;Concert d\u2019adieu du directeur-fondateur Dominique Gesseney-Rappo \u00e0 Romainm\u00f4tier, Payerne et Bellegarde avec solistes et le quatuor \u00e0 cordes \u00ab Da Capo \u00bb. \u0152uvres de Bach, Vivaldi, Caldara et Mozart (voir discographie)<\/p>\n\n\n\n<p class=\"wp-block-paragraph\"><strong>1996 :<\/strong>&nbsp;Participation, dans les Ar\u00e8nes d\u2019Avenches, \u00e0 l\u2019op\u00e9ra \u00ab Carmen \u00bb de Bizet<\/p>\n\n\n\n<p class=\"wp-block-paragraph\"><strong>1994 <\/strong>: XVe anniversaire, cr\u00e9ation de \u00ab Jonas \u00bb d\u2019Henri Baeriswyl et Jean-Dominique &nbsp;Humbert<\/p>\n\n\n\n<p class=\"wp-block-paragraph\"><strong>1993<\/strong> : Rencontres chorales de Morges, concours Cris en Th\u00e8mes, 2e prix du public. Accueil du \u00ab Dudaryk Boys Choir \u00bb d\u2019Ukraine<\/p>\n\n\n\n<p class=\"wp-block-paragraph\"><strong>1992<\/strong> : Rencontres Internationales de Musique Sacr\u00e9e \u00e0 Czestochowa en Pologne<\/p>\n\n\n\n<p class=\"wp-block-paragraph\"><strong>1991<\/strong> : 700e anniversaire de la Conf\u00e9d\u00e9ration. \u00ab Le pendu de l\u2019Abbatiale \u00bb, une cr\u00e9ation de Dominique Gesseney-Rappo et d\u2019Alo\u00efs Lauper<\/p>\n\n\n\n<p class=\"wp-block-paragraph\"><strong>1989<\/strong> : F\u00eate cantonale des chanteurs vaudois \u00e0 Payerne, cr\u00e9ation \u00ab Au jour d\u2019hier aujourd\u2019hui \u00bb de Dominique Gesseney-Rappo<\/p>\n\n\n\n<p class=\"wp-block-paragraph\"><strong>1988 <\/strong>: \u00ab Messe du Couronnement \u00bb de Mozart \u00e0 l\u2019Abbatiale de Payerne et \u00e0 Moudon<\/p>\n\n\n\n<p class=\"wp-block-paragraph\"><strong>1986 :<\/strong>&nbsp;\u00ab Messe en sol majeur \u00bb de Schubert en collaboration avec l\u2019Orchestre de Chambre de Villars-sur-Gl\u00e2ne<\/p>\n\n\n\n<p class=\"wp-block-paragraph\"><strong>1985 <\/strong>: Dans le cadre de l\u2019ann\u00e9e internationale de la jeunesse et de la musique, l\u2019EVB participe \u00e0 \u00bb Arena Vitae \u00bb dans les Ar\u00e8nes d\u2019Avenches<\/p>\n\n\n\n<p class=\"wp-block-paragraph\"><strong>1984 <\/strong>: \u00ab&nbsp;Messe Nelson \u00bb de Haydn. Divers concerts de l\u2019Avent avec l\u2019Ensemble Broyard d\u2019Instruments de Cuivre<\/p>\n\n\n\n<p class=\"wp-block-paragraph\"><strong>1983<\/strong> : Participation au \u00ab Requiem \u00bb de Faur\u00e9 \u00e0 Vevey<\/p>\n\n\n\n<p class=\"wp-block-paragraph\"><strong>1982 <\/strong>: L\u2019EVB (Ensemble vocal de la Broye) interpr\u00e8te la \u00ab Missa Brevis \u00bb de Haydn<\/p>\n\n\n\n<p class=\"wp-block-paragraph\"><strong>1979 <\/strong>: Fondation du ch\u0153ur par Dominique Gesseney-Rappo<\/p>\n\n\n\n<p class=\"wp-block-paragraph\"><\/p>\n","protected":false},"excerpt":{"rendered":"<p>2026 : Apr\u00e8s une ann\u00e9e 2025 riche en collaborations, nous avons organis\u00e9 un concert au mois d&rsquo;avril au Temple de Payerne. Une soir\u00e9e riche en surprises, m\u00e9langeant le populaire et le classique pour annoncer la venue du Printemps ! En juin, nous avons particip\u00e9 aux f\u00eates de la musique dans un projet \u00e0 Coeur Joie. Un \u00ab\u00a0Blindate\u00a0\u00bb qui nous a permis de chanter avec nos amis de la Pastourelle et de mon Pays, ainsi qu&rsquo;en chant d&rsquo;ensemble, \u00ab\u00a0Colin et Mariette\u00a0\u00bb avec tous les choeurs participants. Chor\u00e8ge a \u00e9galement relev\u00e9 le d\u00e9fi de chanter deux pi\u00e8ces en tout petit comit\u00e9 ! Chouette exp\u00e9rience caniculaire dans la magnifique ville de Neuch\u00e2tel. 2025 : En mai, concert \u00e0 l&rsquo;\u00e9glise St-Laurent de Lausanne, cantate \u00ab\u00a0Wir m\u00fcssen durch viel Tr\u00fcbsal\u00a0\u00bb BWW 146 de J. S. Bach. Une organiste, quelques musiciens, des solistes et Chor\u00e8ge renforc\u00e9 par quelques chanteurs Broyards, magnifique exp\u00e9rience vocale. En septembre, nous avons eu la chance d&rsquo;\u00eatre choeur Pilote pour un atelier classique \u00e0 coeur Joie \u00e0 Echallens. Nous avons eu le plaisir de chanter \u00e0 nouveau la cantate de J-S Bach ainsi que quelques autres pi\u00e8ces de notre r\u00e9pertoire. En automne, LE CONCERT DU SIECLE&nbsp;! Il y a 100 ans, le compositeur staviacois Jules Marmier&nbsp;cr\u00e9ait \u00abJ\u00e9sus et le Centenier\u00bb, une magnifique Passion en six tableaux.Pour marquer le centenaire de cette \u0153uvre,&nbsp;Pierre-Do Bourgknecht, arri\u00e8re-petit-fils du compositeur, a r\u00e9uni 4 ch\u0153urs&nbsp;: Chorege, La Pastourelle de Cheyres, le ch\u0153ur mixte St-Laurent et le Chant de Ville d\u2019Estavayer &nbsp;!Aventure fantastique&nbsp;! 140 choristes, un soliste (Jean-Luc Waeber), l\u2019Orchestre de Chambre Fribourgeois et Fabien Volery \u00e0 la direction.En ouverture de concert, Pierre-Do Bourgknecht a pr\u00e9sent\u00e9 une mini-conf\u00e9rence ludique et musicale sur Jules Marmier et Estavayer vers 1920, suivie de&nbsp;L\u2019H\u00e9ritage, une suite pour ch\u0153ur et orchestre en trois mouvements qu\u2019il a sp\u00e9cialement compos\u00e9e pour l\u2019occasion. Concerts de No\u00ebl \u00e0 Ressudens avec interm\u00e8des musicaux par Lucas et Dominique puis \u00e0 Villaz-St.Pierre en collaboration avec Lador\u00e9. 2024 : Jubilate Deo, projet commun avec tous les ch\u0153urs de Fabien, rejoints par quelques chanteurs int\u00e9ress\u00e9s par cette magnifique \u0153uvre. Des chants en mandarin, en zoulou, en espagnol, en latin&#8230; 150 chanteurs, des solistes, l&rsquo;orchestre de chambre de Fribourg r\u00e9unis sous la baguette de notre chef. Projet mis sur pied pour la f\u00eate fribourgeoise de chant de W\u00fcnnewil Flamatt .En automne, participation en chanson au souper de soutien pour la sauvegarde du patrimoine musical de Francis Volery. Weekend de partage avec nos amis du ch\u0153ur Alter Echo de Lyon, visite de l&rsquo;Abbatiale, concert samedi soir au temple de Payerne puis dimanche rallye \u00e0 pied dans la ville d&rsquo;Estavayer-le-Lac suivi d&rsquo;une fondue tous ensemble !Concerts de No\u00ebl \u00e0 Ressudens accompagn\u00e9 par une conteuse, \u00e0 Estavayer-le-lac en collaboration avec l&rsquo;Ensemble vocal Utopie de Fribourg et finalement \u00e0 Mannens en collaboration avec la Villanelle. 2023 : Ann\u00e9e classique avec les concerts \u00ab\u00a0la Nuit Romantique\u00a0\u00bb en septembre \u00e0 Estavayer-le-lac et Corpataux. Au printemps, participation \u00e0 un concert \u00e0 4 choeurs \u00e0 Coeur Joie \u00e0 Cheyres et participation \u00e0 la f\u00eate Cantonale des chanteurs Vaudois \u00e0 Nyon.Concert de l&rsquo;avent (accompagn\u00e9s par Herv\u00e9 \u00e0 la clarinette et Lucas au trombone) \u00e0 Ressudens ainsi qu&rsquo;une participation \u00e0 la St-Nicolas de Fribourg \u00e0 l&rsquo;\u00e9glise des Cordeliers. Fin d&rsquo;ann\u00e9e en beaut\u00e9, sortie en suisse centrale, samedi soir concert de l&rsquo;avent \u00e0 Hildisrieden et dimanche participation \u00e0 la messe avec le choeur de la paroisse. 2022 : Concert \u00e0 l&rsquo;abbatiale de Payerne pour les 40 ans du ch\u0153ur (42 en r\u00e9alit\u00e9) inauguration de nouveaux costumes. Reprise du r\u00e9pertoire sur les derni\u00e8res 40 ann\u00e9es avec notre directeur Fabien Volery et nos chefs pr\u00e9c\u00e9dents, Hugo Stern et Jean-Marie Hirt, rejoints par d\u2019anciens Chor\u00e9giens pour quelques chants. Concert en collaboration avec l\u2019Ensemble vocal Utopie \u00e0 Fribourg. En septembre, reprise de notre collaboration avec l&rsquo;Ensemble vocal Mon Pays, au programme \u00ab\u00a0Little jazz mass\u00a0\u00bb de Bob Chilcott et \u00ab\u00a0La geste des saisons\u00a0\u00bb de Fabien Volery. Participation au kiosque \u00e0 musique, organisation d&rsquo;un concert \u00e0 Bluefactory \u00e0 Fribourg puis participation aux \u00ab\u00a020 Heures de Musiques de Romont\u00a0\u00bbTraditionnels concerts de l&rsquo;avent \u00e0 Ressudens et St-Cierges (fief de notre chanteur Roland), enrichis par des interm\u00e8des de fl\u00fbte \u00e0 bec et trombone \u00e0 coulisse par Dominique, Marianne et Lucas. Participation au concert des Kiwanis \u00e0 Payerne sous la direction de Lucas Francey, fin de concert avec Minuit Chr\u00e9tien accompagn\u00e9 par l&rsquo;ensemble d&rsquo;Harmonie de la Broye sous la direction d&rsquo;Eloi Fellay. 2021 : Covid suite&#8230; planification, r\u00e9servation, organisation, annulation, communications&#8230;.! Enregistrement d&rsquo;un CD hommage avec des chants de No\u00ebl de Francis Volery. En novembre participation au kiosque \u00e0 musique pour la promotion du CD, puis trois concerts de l&rsquo;Avent \u00ab\u00a0Fen\u00eatre sur Francis Volery\u00a0\u00bb. Concert du 28 novembre \u00e0 Estavayer-le-Lac particuli\u00e8rement \u00e9mouvant, nous avons \u00e9t\u00e9 rejoint par de nombreux chanteurs venus parfois de loin pour interpr\u00e9ter \u00ab\u00a0No\u00ebl Tzigane\u00a0\u00bb sous la baguette du compositeur. 2020 : Ann\u00e9e Covid ! Concert du 40\u00e8me anniversaire de Chor\u00e8ge repouss\u00e9. Concerts de l&rsquo;Avent en hommage \u00e0 Francis Volery repouss\u00e9s. Petite parenth\u00e8se avec la participation au FEELGOOD Festival, le 16 ao\u00fbt 2020. 2019 : 2 concerts inoubliables en mars puis en avril, en collaboration avec le choeur Mon Pays de Fribourg. Au programme : \u00ab\u00a0Little jazz mass\u00a0\u00bb de Bob Chilcott et cr\u00e9ation musicale de Fabien Volery \u00ab\u00a0La geste des saisons\u00a0\u00bb sur les textes du \u00ab\u00a0Balayeur \u00e0 la rose\u00a0\u00bb de Michel Simonet. Retour dans la presse&nbsp; 2018 : 14 avril, concert au Temple d\u2019Avenches avec Le Madrigal. 26 mai, concert des membres amis au Temple d\u2019Estavayer-Le-Lac. 23 juin, Concert Peer Gynt avec Madrigal \u00e0 M\u00e9zi\u00e8res Jorat. 2017 : Concerts membres-amis sur le th\u00e8me \u00ab\u00a0ombres et lumi\u00e8res\u00a0\u00bb. Participation au concours des ensembles vocaux lors de la 49\u00e8me F\u00eate Cantonale des Chanteurs Vaudois \u00e0 Echallens. Inoubliable voyage \u00e0 Prague ! 2016 : Concert de l&rsquo;Avent dans le cadre de la St-Nicolas \u00e0 Fribourg et \u00e0 l\u2019\u00e9glise de Ressudens avec la participation de l&rsquo;ensemble vocal f\u00e9minin Callirho\u00e9, dirig\u00e9 ad int\u00e9rim par Fabien Volery. Dans le cadre des Rencontres Nicolas &amp; Doroth\u00e9e de Fl\u00fce \u00e0 la Basilique de St-Maurice et \u00e0 l&rsquo;\u00e9glise paroissiale r\u00e9form\u00e9e de Payerne, sous la direction de Pascal Crittin, avec l&rsquo;Ensemble Vocal de St-Maurice, la Schola des Petits Chanteurs de Sion, accompagn\u00e9s par l&rsquo;ensemble d&rsquo;Harmonie de la Broye et du com\u00e9dien Cyril Kaiser : Oratorio \u00ab\u00a0Nicolas de Fl\u00fce\u00a0\u00bb d&rsquo;Arthur Honegger, pi\u00e8ce dramatique en trois actes de Denis de Rougemont. Aubade \u00e0 l&rsquo;EMS des Fauvettes \u00e0 Montagny pour c\u00e9l\u00e9brer la F\u00eate de la Musique avec nos a\u00een\u00e9s. Kiosque \u00e0 Musiques lors du giron de chant de Combremont-le-Petit. Soir\u00e9es membres-amis sur le th\u00e8me des \u00ab\u00a0ch\u00e2teaux\u00a0\u00bb avec cracheur de feu, conteuse et fl\u00fbtiste dans les magnifiques cadres des ch\u00e2teaux de Lucens et de Salavaux avec la participation du ch\u0153ur d&rsquo;enfants l&rsquo;Annonciade de Romont. 2015 : Soir\u00e9e membres-amis sur le th\u00e8me \u00ab\u00a0la clef des chants\u00a0\u00bb et la \u00ab\u00a0balade romontoise\u00a0\u00bb avec M. Pascal Corminboeuf comme r\u00e9citant, voyage-concert \u00e0 Lyon, Concerts de l&rsquo;Avent \u00e0 Ressudens et \u00e0 Estavayer-le-Lac avec L&rsquo;Accroche-Choeur, concert du R\u00e9veillon pour f\u00eater nos 35 ans. Au programme : avec l&rsquo;Ensemble Baroque de Jouxet les solistes :Monique Volery, sopranoSaskia Salembier, sopranoSimon Savoy, altoXavier Mauconduit, t\u00e9norStephan Imboden, basse 2014 : soir\u00e9e color\u00e9e pour nos membres-amis avec la participation d&rsquo;une d\u00e9l\u00e9gation des \u00ab\u00a0Gigolettes\u00a0\u00bb et d&rsquo;Oskar, jeune et talentueux accord\u00e9oniste. Participation au concert anniversaire (60+1) de Dominique Gesseney-Rappo. Prestation au Festival Moulin-Mouline \u00e0 Orbe, concert cr\u00e9ation \u00ab\u00a0balade romontoise\u00a0\u00bb (compos\u00e9e par notre directeur Fabien Volery sur un texte de Josiane Haas), 20heures de Romont, concerts de l&rsquo;Avent \u00e0 Ressudens et M\u00f4tier 2013&nbsp;: Organisation, avec la collaboration de la Chanson des Hameaux, de l&rsquo;Harmonie de Payerne et de la Chanson Villageoise de Corcelles-Payerne de la 48\u00e8me F\u00eate Cantonale des Chanteurs Vaudois. Lors de cette f\u00eate, nous nous pr\u00e9sentons au concours des ensembles vocaux et remportons le 2\u00e8me prix du Jury ex-aequo avec le Choeur Solstice d&rsquo;Echallens. 1er prix du Jury + prix du public d\u00e9cern\u00e9 au choeur \u00ab\u00a0Voix de Lausanne\u00a0\u00bb. Participation au Kiosque \u00e0 Musique. Concerts de l\u2019Avent 2012&nbsp;: Concert de la f\u00eate des M\u00e8res sous le th\u00e8me \u00ab\u00a0des arbres et des fleurs\u00a0\u00bb et \u00ab\u00a0des 5 sens\u00a0\u00bb (go\u00fbt, ou\u00efe&#8230;). Traditionnels concerts de l\u2019Avent 2011&nbsp;:&nbsp;Concert d\u2019adieux de notre chef&nbsp;: Interpr\u00e9tation de la \u00ab&nbsp;cantate n\u00b0214&nbsp;\u00bb de Jean-S\u00e9bastien Bach, \u00ab&nbsp;Ode \u00e0 la musique&nbsp;\u00bb de &nbsp;Frank Martin ainsi que la cr\u00e9ation \u00ab&nbsp;L\u2019air de ton nom&nbsp;\u00bb cantate d\u2019Henri Baeriswyl, accompagn\u00e9 par quatres solistes et l\u2019Orchestre de Chambre de Lausanne sous la direction d\u2019Hugo Stern. A l\u2019automne, d\u00e9but d\u2019une nouvelle &nbsp;\u00e8re avec un nouveau directeur Fabien Volery 2010: Service minimal apr\u00e8s l\u2019exub\u00e9rance de l\u2019ann\u00e9e pr\u00e9c\u00e9dente. 2009: Ann\u00e9e tr\u00e8s prolifique: participation au concours cantonal de la SCCV \u00e0 Aigle dans la cat\u00e9gorie \u00ab Ensembles vocaux \u00bb, participation \u00e0 la Schubertiade \u00e0 Payerne, concert de l\u00b4avent avec une conteuse, voyage \u00e0 Vienne et prestations dans le cadre de son festival de l\u2019Avent. Tout cela en sus de divers concerts et prestations lors de mariages. Publication du troisi\u00e8me bulletin d\u00b4information. 2008: 2\u00e8me bulletin d\u2019information. 2007: \u2018Sacr\u00e9 Mozart!\u2019 Une prestation avec l\u2019OCL dans le cadre des concerts de l\u2019Abbatiale de Payerne, pr\u00e9sentant des pi\u00e8ces peu connues du c\u00e9l\u00e8bre compositeur : La Messe Solennelle en DO, K 337, et Les Litanies du St-Sacrement, K 125. Publication du 1er bulletin d\u2019information. 2006: Tourn\u00e9e de concerts en France, sortie du premier CD sur la Broye, \u2018La Broye cool en chantant\u2019 2005 :&nbsp;25 ans d\u2019activit\u00e9 c\u00e9l\u00e9br\u00e9s par une retrospective 2004 :&nbsp;3 Concerts miroir entre pr\u00e9sent et pass\u00e9 \u00e0 Romainm\u00f4tier, Payerne et St-Maurice, avec la Cantate BVW 140 \u2018Wachet auf ruft uns die Stimme \u2018de J.-S. Bach, et une cr\u00e9ation de commande aupr\u00e8s de Dominique Gesseney-Rappo, \u2018Lumen Vitae\u2019. D\u00e9tails \/ Photos \/ Critiques du journal du Nord Vaudois, La Libert\u00e9 et la Presse 2002 :&nbsp;Concert \u00ab a capella \u00bb avec solistes \u00e0 l\u2019Abbatiale de Payerne. \u00ab Miserere \u00bb d\u2019Allegri, \u00ab missa Brevis \u00bb de Palestrina, \u00ab Jauchtzet dem Herren \u00bb de Sch\u00fctz, et \u00ab Cantate Domino \u00bb de Monteverdi. 2001 :&nbsp;F\u00eate cantonale des chanteurs vaudois \u00e0 Villeneuve. Meilleur r\u00e9sultat de la cat\u00e9gorie sup\u00e9rieure, avec mention \u2018excellent\u2019 tant pour la lecture que pour l\u2019interpr\u00e9tation 1999 :&nbsp;\u00ab Messe St-Jean de Dieu \u00bb de Haydn et \u00ab Oratorio de No\u00ebl \u00bb de St-Sa\u00ebns avec orchestre et solistes 1997 :&nbsp;Concert d\u2019adieu du directeur-fondateur Dominique Gesseney-Rappo \u00e0 Romainm\u00f4tier, Payerne et Bellegarde avec solistes et le quatuor \u00e0 cordes \u00ab Da Capo \u00bb. \u0152uvres de Bach, Vivaldi, Caldara et Mozart (voir discographie) 1996 :&nbsp;Participation, dans les Ar\u00e8nes d\u2019Avenches, \u00e0 l\u2019op\u00e9ra \u00ab Carmen \u00bb de Bizet 1994 : XVe anniversaire, cr\u00e9ation de \u00ab Jonas \u00bb d\u2019Henri Baeriswyl et Jean-Dominique &nbsp;Humbert 1993 : Rencontres chorales de Morges, concours Cris en Th\u00e8mes, 2e prix du public. Accueil du \u00ab Dudaryk Boys Choir \u00bb d\u2019Ukraine 1992 : Rencontres Internationales de Musique Sacr\u00e9e \u00e0 Czestochowa en Pologne 1991 : 700e anniversaire de la Conf\u00e9d\u00e9ration. \u00ab Le pendu de l\u2019Abbatiale \u00bb, une cr\u00e9ation de Dominique Gesseney-Rappo et d\u2019Alo\u00efs Lauper 1989 : F\u00eate cantonale des chanteurs vaudois \u00e0 Payerne, cr\u00e9ation \u00ab Au jour d\u2019hier aujourd\u2019hui \u00bb de Dominique Gesseney-Rappo 1988 : \u00ab Messe du Couronnement \u00bb de Mozart \u00e0 l\u2019Abbatiale de Payerne et \u00e0 Moudon 1986 :&nbsp;\u00ab Messe en sol majeur \u00bb de Schubert en collaboration avec l\u2019Orchestre de Chambre de Villars-sur-Gl\u00e2ne 1985 : Dans le cadre de l\u2019ann\u00e9e internationale de la jeunesse et de la musique, l\u2019EVB participe \u00e0 \u00bb Arena Vitae \u00bb dans les Ar\u00e8nes d\u2019Avenches 1984 : \u00ab&nbsp;Messe Nelson \u00bb de Haydn. Divers concerts de l\u2019Avent avec l\u2019Ensemble Broyard d\u2019Instruments de Cuivre 1983 : Participation au \u00ab Requiem \u00bb de Faur\u00e9 \u00e0 Vevey 1982 : L\u2019EVB (Ensemble vocal de la Broye) interpr\u00e8te la \u00ab Missa Brevis \u00bb de Haydn 1979 : Fondation du ch\u0153ur par Dominique Gesseney-Rappo<\/p>\n","protected":false},"author":123457,"featured_media":0,"parent":160,"menu_order":4,"comment_status":"closed","ping_status":"closed","template":"","meta":{"ngg_post_thumbnail":0,"footnotes":""},"class_list":["post-172","page","type-page","status-publish","hentry"],"_links":{"self":[{"href":"https:\/\/chorege.ch\/index.php?rest_route=\/wp\/v2\/pages\/172","targetHints":{"allow":["GET"]}}],"collection":[{"href":"https:\/\/chorege.ch\/index.php?rest_route=\/wp\/v2\/pages"}],"about":[{"href":"https:\/\/chorege.ch\/index.php?rest_route=\/wp\/v2\/types\/page"}],"author":[{"embeddable":true,"href":"https:\/\/chorege.ch\/index.php?rest_route=\/wp\/v2\/users\/123457"}],"replies":[{"embeddable":true,"href":"https:\/\/chorege.ch\/index.php?rest_route=%2Fwp%2Fv2%2Fcomments&post=172"}],"version-history":[{"count":57,"href":"https:\/\/chorege.ch\/index.php?rest_route=\/wp\/v2\/pages\/172\/revisions"}],"predecessor-version":[{"id":6846,"href":"https:\/\/chorege.ch\/index.php?rest_route=\/wp\/v2\/pages\/172\/revisions\/6846"}],"up":[{"embeddable":true,"href":"https:\/\/chorege.ch\/index.php?rest_route=\/wp\/v2\/pages\/160"}],"wp:attachment":[{"href":"https:\/\/chorege.ch\/index.php?rest_route=%2Fwp%2Fv2%2Fmedia&parent=172"}],"curies":[{"name":"wp","href":"https:\/\/api.w.org\/{rel}","templated":true}]}}