{"id":174,"date":"2012-02-15T15:19:06","date_gmt":"2012-02-15T14:19:06","guid":{"rendered":"http:\/\/blog.proteck.ch\/?page_id=174"},"modified":"2026-03-28T15:51:29","modified_gmt":"2026-03-28T14:51:29","slug":"galerie","status":"publish","type":"page","link":"https:\/\/chorege.ch\/?page_id=174","title":{"rendered":"Chor\u00e8ge en son et images"},"content":{"rendered":"\n<figure class=\"wp-block-embed is-type-video is-provider-youtube wp-block-embed-youtube wp-embed-aspect-16-9 wp-has-aspect-ratio\"><div class=\"wp-block-embed__wrapper\">\n<iframe loading=\"lazy\" title=\"Le Concert du Si\u00e8cle [Jules Marmier | Pierre-Do Bourgknecht]\" width=\"960\" height=\"540\" src=\"https:\/\/www.youtube.com\/embed\/TcS_XgAuUTk?feature=oembed\" frameborder=\"0\" allow=\"accelerometer; autoplay; clipboard-write; encrypted-media; gyroscope; picture-in-picture; web-share\" referrerpolicy=\"strict-origin-when-cross-origin\" allowfullscreen><\/iframe>\n<\/div><\/figure>\n\n\n\n<div style=\"height:100px\" aria-hidden=\"true\" class=\"wp-block-spacer\"><\/div>\n\n\n\n<h2 class=\"wp-block-heading\">Tutticanti 2024 <br>Jubilate Deo de Dan Forrest<\/h2>\n\n\n\n<p class=\"wp-block-paragraph\"><br>Projet commun avec tous les ch\u0153urs dirig\u00e9s par Fabien Volery, rejoints par quelques chanteurs int\u00e9ress\u00e9s par cette magnifique \u0153uvre. <br>Des chants en mandarin, en zoulou, en espagnol, en latin\u2026 150 chanteurs, des solistes, l\u2019orchestre de chambre de Fribourg r\u00e9unis sous sa baguette. Projet mis sur pied pour la f\u00eate fribourgeoise de chant de W\u00fcnnewil Flamatt en voici quelques extraits.<\/p>\n\n\n\n<figure class=\"wp-block-video\"><video height=\"1080\" style=\"aspect-ratio: 1920 \/ 1080;\" width=\"1920\" controls src=\"https:\/\/chorege.ch\/wp-content\/uploads\/2026\/03\/Jubilate-Deo-de-Dan-Forrest-compilation-1.mp4\"><\/video><\/figure>\n\n\n\n<div style=\"height:100px\" aria-hidden=\"true\" class=\"wp-block-spacer\"><\/div>\n\n\n\n<figure class=\"wp-block-video\"><video controls src=\"http:\/\/chorege.ch\/wp-content\/uploads\/2023\/01\/Chorege.mp4\"><\/video><\/figure>\n\n\n\n<p class=\"wp-block-paragraph\">&nbsp;<\/p>\n\n\n\n<figure class=\"wp-block-gallery has-nested-images columns-default is-cropped wp-block-gallery-1 is-layout-flex wp-block-gallery-is-layout-flex\" id=\"\/wp-content\/gallery\/2-avril-2022-abbatiale-1\/\"><\/figure>\n","protected":false},"excerpt":{"rendered":"<p>Tutticanti 2024 Jubilate Deo de Dan Forrest Projet commun avec tous les ch\u0153urs dirig\u00e9s par Fabien Volery, rejoints par quelques chanteurs int\u00e9ress\u00e9s par cette magnifique \u0153uvre. Des chants en mandarin, en zoulou, en espagnol, en latin\u2026 150 chanteurs, des solistes, l\u2019orchestre de chambre de Fribourg r\u00e9unis sous sa baguette. Projet mis sur pied pour la f\u00eate fribourgeoise de chant de W\u00fcnnewil Flamatt en voici quelques extraits. &nbsp;<\/p>\n","protected":false},"author":123457,"featured_media":0,"parent":0,"menu_order":2,"comment_status":"closed","ping_status":"closed","template":"","meta":{"ngg_post_thumbnail":0,"footnotes":""},"class_list":["post-174","page","type-page","status-publish","hentry"],"_links":{"self":[{"href":"https:\/\/chorege.ch\/index.php?rest_route=\/wp\/v2\/pages\/174","targetHints":{"allow":["GET"]}}],"collection":[{"href":"https:\/\/chorege.ch\/index.php?rest_route=\/wp\/v2\/pages"}],"about":[{"href":"https:\/\/chorege.ch\/index.php?rest_route=\/wp\/v2\/types\/page"}],"author":[{"embeddable":true,"href":"https:\/\/chorege.ch\/index.php?rest_route=\/wp\/v2\/users\/123457"}],"replies":[{"embeddable":true,"href":"https:\/\/chorege.ch\/index.php?rest_route=%2Fwp%2Fv2%2Fcomments&post=174"}],"version-history":[{"count":50,"href":"https:\/\/chorege.ch\/index.php?rest_route=\/wp\/v2\/pages\/174\/revisions"}],"predecessor-version":[{"id":6667,"href":"https:\/\/chorege.ch\/index.php?rest_route=\/wp\/v2\/pages\/174\/revisions\/6667"}],"wp:attachment":[{"href":"https:\/\/chorege.ch\/index.php?rest_route=%2Fwp%2Fv2%2Fmedia&parent=174"}],"curies":[{"name":"wp","href":"https:\/\/api.w.org\/{rel}","templated":true}]}}